{"id":10383,"date":"2023-06-29T14:09:44","date_gmt":"2023-06-29T11:09:44","guid":{"rendered":"https:\/\/visitsuupohja.fi\/?post_type=kohteet&#038;p=10383"},"modified":"2024-06-25T09:32:09","modified_gmt":"2024-06-25T06:32:09","slug":"vindskyddet-myllylaavu","status":"publish","type":"kohteet","link":"https:\/\/visitsuupohja.fi\/sv\/kohteet\/vindskyddet-myllylaavu\/","title":{"rendered":"Vindskyddet Myllylaavu"},"content":{"rendered":"<p>\u00c4r du inte n\u00f6jd med utsikten n\u00e4r du grillar, eller skulle du vilja sitta i solen, som lyser b\u00e4ttre p\u00e5 baksidan av vindskyddet? Du vill med andra ord \u00e4ndra vindskyddets riktning.<br \/>\nI byn K\u00e4rjenkoski i Stor\u00e5 \u00e4r det h\u00e4r m\u00f6jligt tack vare ett roterande vindskydd \u2013 du kan allts\u00e5 \u00e4ndra vindskyddets riktning efter utsikten eller v\u00e4dret helt enkelt genom att rotera vindskyddet.<br \/>\nI vindskyddet finns cirka tolv sittplatser och en grill med k\u00e5pa. Det g\u00e5r en bilv\u00e4g till andra sidan \u00e5n, varifr\u00e5n en bro f\u00f6r g\u00e5ng- och cykeltrafik leder till vindskyddet.<br \/>\nVindskyddet ligger i utkanten av en \u00e5ker vid Lill\u00e5n, d\u00e4r du kan lyssna till \u00e5ns porlande och njuta av det \u00f6ppna landskapet. P\u00e5 \u00e5stranden fanns tidigare en kvarn, som gett upphov till vindskyddets namn.<\/p>\n","protected":false},"featured_media":2827,"menu_order":0,"template":"","meta":{"_acf_changed":false,"om_disable_all_campaigns":false,"_relevanssi_hide_post":"","_relevanssi_hide_content":"","_relevanssi_pin_for_all":"","_relevanssi_pin_keywords":"","_relevanssi_unpin_keywords":"","_relevanssi_related_keywords":"","_relevanssi_related_include_ids":"","_relevanssi_related_exclude_ids":"","_relevanssi_related_no_append":"","_relevanssi_related_not_related":"","_relevanssi_related_posts":"","_relevanssi_noindex_reason":"","inline_featured_image":false,"_monsterinsights_skip_tracking":false,"_uf_show_specific_survey":0,"_uf_disable_surveys":false,"footnotes":""},"kategoria":[128,127],"alue":[133,139],"class_list":["post-10383","kohteet","type-kohteet","status-publish","has-post-thumbnail","hentry","kategoria-barnfamiljer","kategoria-skyddsrum-eldplatser-och-kator","alue-geopark-sv","alue-isojoki-sv"],"acf":[],"aioseo_notices":[],"aioseo_head":"\n\t\t<!-- All in One SEO 5.0.1.1 - aioseo.com -->\n\t<meta name=\"description\" content=\"\u00c4r du inte n\u00f6jd med utsikten n\u00e4r du grillar, eller skulle du vilja sitta i solen, som lyser b\u00e4ttre p\u00e5 baksidan av vindskyddet? Du vill med andra ord \u00e4ndra vindskyddets riktning. I byn K\u00e4rjenkoski i Stor\u00e5 \u00e4r det h\u00e4r m\u00f6jligt tack vare ett roterande vindskydd \u2013 du kan allts\u00e5 \u00e4ndra vindskyddets riktning efter utsikten eller\" \/>\n\t<meta name=\"robots\" content=\"max-image-preview:large\" \/>\n\t<link rel=\"canonical\" href=\"https:\/\/visitsuupohja.fi\/sv\/kohteet\/vindskyddet-myllylaavu\/\" \/>\n\t<meta name=\"generator\" content=\"All in One SEO (AIOSEO) 5.0.1.1\" \/>\n\t\t<meta property=\"og:locale\" content=\"sv_SE\" \/>\n\t\t<meta property=\"og:site_name\" content=\"Visit Suupohja - Seikkaile Suupohjassa\" \/>\n\t\t<meta property=\"og:type\" content=\"article\" \/>\n\t\t<meta property=\"og:title\" content=\"Vindskyddet Myllylaavu - Visit Suupohja\" \/>\n\t\t<meta property=\"og:description\" content=\"\u00c4r du inte n\u00f6jd med utsikten n\u00e4r du grillar, eller skulle du vilja sitta i solen, som lyser b\u00e4ttre p\u00e5 baksidan av vindskyddet? Du vill med andra ord \u00e4ndra vindskyddets riktning. I byn K\u00e4rjenkoski i Stor\u00e5 \u00e4r det h\u00e4r m\u00f6jligt tack vare ett roterande vindskydd \u2013 du kan allts\u00e5 \u00e4ndra vindskyddets riktning efter utsikten eller\" \/>\n\t\t<meta property=\"og:url\" content=\"https:\/\/visitsuupohja.fi\/sv\/kohteet\/vindskyddet-myllylaavu\/\" \/>\n\t\t<meta property=\"og:image\" content=\"https:\/\/visitsuupohja.fi\/wp-content\/uploads\/visit-suupohja-logo-1.svg\" \/>\n\t\t<meta property=\"og:image:secure_url\" content=\"https:\/\/visitsuupohja.fi\/wp-content\/uploads\/visit-suupohja-logo-1.svg\" \/>\n\t\t<meta property=\"og:image:width\" content=\"268\" \/>\n\t\t<meta property=\"og:image:height\" content=\"68\" \/>\n\t\t<meta property=\"article:published_time\" content=\"2023-06-29T11:09:44+00:00\" \/>\n\t\t<meta property=\"article:modified_time\" content=\"2024-06-25T06:32:09+00:00\" \/>\n\t\t<meta name=\"twitter:card\" content=\"summary_large_image\" \/>\n\t\t<meta name=\"twitter:title\" content=\"Vindskyddet Myllylaavu - Visit Suupohja\" \/>\n\t\t<meta name=\"twitter:description\" content=\"\u00c4r du inte n\u00f6jd med utsikten n\u00e4r du grillar, eller skulle du vilja sitta i solen, som lyser b\u00e4ttre p\u00e5 baksidan av vindskyddet? Du vill med andra ord \u00e4ndra vindskyddets riktning. I byn K\u00e4rjenkoski i Stor\u00e5 \u00e4r det h\u00e4r m\u00f6jligt tack vare ett roterande vindskydd \u2013 du kan allts\u00e5 \u00e4ndra vindskyddets riktning efter utsikten eller\" \/>\n\t\t<meta name=\"twitter:image\" content=\"https:\/\/visitsuupohja.fi\/wp-content\/uploads\/visit-suupohja-logo-1.svg\" \/>\n\t\t<script type=\"application\/ld+json\" class=\"aioseo-schema\">\n\t\t\t{\"@context\":\"https:\\\/\\\/schema.org\",\"@graph\":[{\"@type\":\"BreadcrumbList\",\"@id\":\"https:\\\/\\\/visitsuupohja.fi\\\/sv\\\/kohteet\\\/vindskyddet-myllylaavu\\\/#breadcrumblist\",\"itemListElement\":[{\"@type\":\"ListItem\",\"@id\":\"https:\\\/\\\/visitsuupohja.fi\\\/sv\\\/#listItem\",\"position\":1,\"name\":\"Home\",\"item\":\"https:\\\/\\\/visitsuupohja.fi\\\/sv\\\/\",\"nextItem\":{\"@type\":\"ListItem\",\"@id\":\"https:\\\/\\\/visitsuupohja.fi\\\/sv\\\/luontokohteet-ja-reitit\\\/#listItem\",\"name\":\"Luontokohteet ja reitit\"}},{\"@type\":\"ListItem\",\"@id\":\"https:\\\/\\\/visitsuupohja.fi\\\/sv\\\/luontokohteet-ja-reitit\\\/#listItem\",\"position\":2,\"name\":\"Luontokohteet ja reitit\",\"item\":\"https:\\\/\\\/visitsuupohja.fi\\\/sv\\\/luontokohteet-ja-reitit\\\/\",\"nextItem\":{\"@type\":\"ListItem\",\"@id\":\"https:\\\/\\\/visitsuupohja.fi\\\/sv\\\/kategoria\\\/skyddsrum-eldplatser-och-kator\\\/#listItem\",\"name\":\"Skyddsrum, eldplatser och k\\u00e5tor\"},\"previousItem\":{\"@type\":\"ListItem\",\"@id\":\"https:\\\/\\\/visitsuupohja.fi\\\/sv\\\/#listItem\",\"name\":\"Home\"}},{\"@type\":\"ListItem\",\"@id\":\"https:\\\/\\\/visitsuupohja.fi\\\/sv\\\/kategoria\\\/skyddsrum-eldplatser-och-kator\\\/#listItem\",\"position\":3,\"name\":\"Skyddsrum, eldplatser och k\\u00e5tor\",\"item\":\"https:\\\/\\\/visitsuupohja.fi\\\/sv\\\/kategoria\\\/skyddsrum-eldplatser-och-kator\\\/\",\"nextItem\":{\"@type\":\"ListItem\",\"@id\":\"https:\\\/\\\/visitsuupohja.fi\\\/sv\\\/kohteet\\\/vindskyddet-myllylaavu\\\/#listItem\",\"name\":\"Vindskyddet Myllylaavu\"},\"previousItem\":{\"@type\":\"ListItem\",\"@id\":\"https:\\\/\\\/visitsuupohja.fi\\\/sv\\\/luontokohteet-ja-reitit\\\/#listItem\",\"name\":\"Luontokohteet ja reitit\"}},{\"@type\":\"ListItem\",\"@id\":\"https:\\\/\\\/visitsuupohja.fi\\\/sv\\\/kohteet\\\/vindskyddet-myllylaavu\\\/#listItem\",\"position\":4,\"name\":\"Vindskyddet Myllylaavu\",\"previousItem\":{\"@type\":\"ListItem\",\"@id\":\"https:\\\/\\\/visitsuupohja.fi\\\/sv\\\/kategoria\\\/skyddsrum-eldplatser-och-kator\\\/#listItem\",\"name\":\"Skyddsrum, eldplatser och k\\u00e5tor\"}}]},{\"@type\":\"Organization\",\"@id\":\"https:\\\/\\\/visitsuupohja.fi\\\/sv\\\/#organization\",\"name\":\"Visit Suupohja\",\"description\":\"Seikkaile Suupohjassa\",\"url\":\"https:\\\/\\\/visitsuupohja.fi\\\/sv\\\/\",\"logo\":{\"@type\":\"ImageObject\",\"url\":\"https:\\\/\\\/visitsuupohja.fi\\\/wp-content\\\/uploads\\\/visit-suupohja-logo-1.svg\",\"@id\":\"https:\\\/\\\/visitsuupohja.fi\\\/sv\\\/kohteet\\\/vindskyddet-myllylaavu\\\/#organizationLogo\",\"width\":268,\"height\":68,\"caption\":\"Visit Suupohja logo\"},\"image\":{\"@id\":\"https:\\\/\\\/visitsuupohja.fi\\\/sv\\\/kohteet\\\/vindskyddet-myllylaavu\\\/#organizationLogo\"}},{\"@type\":\"WebPage\",\"@id\":\"https:\\\/\\\/visitsuupohja.fi\\\/sv\\\/kohteet\\\/vindskyddet-myllylaavu\\\/#webpage\",\"url\":\"https:\\\/\\\/visitsuupohja.fi\\\/sv\\\/kohteet\\\/vindskyddet-myllylaavu\\\/\",\"name\":\"Vindskyddet Myllylaavu - Visit Suupohja\",\"description\":\"\\u00c4r du inte n\\u00f6jd med utsikten n\\u00e4r du grillar, eller skulle du vilja sitta i solen, som lyser b\\u00e4ttre p\\u00e5 baksidan av vindskyddet? Du vill med andra ord \\u00e4ndra vindskyddets riktning. I byn K\\u00e4rjenkoski i Stor\\u00e5 \\u00e4r det h\\u00e4r m\\u00f6jligt tack vare ett roterande vindskydd \\u2013 du kan allts\\u00e5 \\u00e4ndra vindskyddets riktning efter utsikten eller\",\"inLanguage\":\"sv-SE\",\"isPartOf\":{\"@id\":\"https:\\\/\\\/visitsuupohja.fi\\\/sv\\\/#website\"},\"breadcrumb\":{\"@id\":\"https:\\\/\\\/visitsuupohja.fi\\\/sv\\\/kohteet\\\/vindskyddet-myllylaavu\\\/#breadcrumblist\"},\"image\":{\"@type\":\"ImageObject\",\"url\":\"https:\\\/\\\/visitsuupohja.fi\\\/wp-content\\\/uploads\\\/DSC7331.jpg\",\"@id\":\"https:\\\/\\\/visitsuupohja.fi\\\/sv\\\/kohteet\\\/vindskyddet-myllylaavu\\\/#mainImage\",\"width\":1200,\"height\":801,\"caption\":\"Myllylaavu k\\u00e4rjenkoski\"},\"primaryImageOfPage\":{\"@id\":\"https:\\\/\\\/visitsuupohja.fi\\\/sv\\\/kohteet\\\/vindskyddet-myllylaavu\\\/#mainImage\"},\"datePublished\":\"2023-06-29T14:09:44+03:00\",\"dateModified\":\"2024-06-25T09:32:09+03:00\"},{\"@type\":\"WebSite\",\"@id\":\"https:\\\/\\\/visitsuupohja.fi\\\/sv\\\/#website\",\"url\":\"https:\\\/\\\/visitsuupohja.fi\\\/sv\\\/\",\"name\":\"Visit Suupohja\",\"description\":\"Seikkaile Suupohjassa\",\"inLanguage\":\"sv-SE\",\"publisher\":{\"@id\":\"https:\\\/\\\/visitsuupohja.fi\\\/sv\\\/#organization\"}}]}\n\t\t<\/script>\n\t\t<!-- All in One SEO -->\n\n","aioseo_head_json":{"title":"Vindskyddet Myllylaavu - Visit Suupohja","description":"\u00c4r du inte n\u00f6jd med utsikten n\u00e4r du grillar, eller skulle du vilja sitta i solen, som lyser b\u00e4ttre p\u00e5 baksidan av vindskyddet? Du vill med andra ord \u00e4ndra vindskyddets riktning. I byn K\u00e4rjenkoski i Stor\u00e5 \u00e4r det h\u00e4r m\u00f6jligt tack vare ett roterande vindskydd \u2013 du kan allts\u00e5 \u00e4ndra vindskyddets riktning efter utsikten eller","canonical_url":"https:\/\/visitsuupohja.fi\/sv\/kohteet\/vindskyddet-myllylaavu\/","robots":"max-image-preview:large","keywords":"","webmasterTools":{"miscellaneous":""},"schema":{"@context":"https:\/\/schema.org","@graph":[{"@type":"BreadcrumbList","@id":"https:\/\/visitsuupohja.fi\/sv\/kohteet\/vindskyddet-myllylaavu\/#breadcrumblist","itemListElement":[{"@type":"ListItem","@id":"https:\/\/visitsuupohja.fi\/sv\/#listItem","position":1,"name":"Home","item":"https:\/\/visitsuupohja.fi\/sv\/","nextItem":{"@type":"ListItem","@id":"https:\/\/visitsuupohja.fi\/sv\/luontokohteet-ja-reitit\/#listItem","name":"Luontokohteet ja reitit"}},{"@type":"ListItem","@id":"https:\/\/visitsuupohja.fi\/sv\/luontokohteet-ja-reitit\/#listItem","position":2,"name":"Luontokohteet ja reitit","item":"https:\/\/visitsuupohja.fi\/sv\/luontokohteet-ja-reitit\/","nextItem":{"@type":"ListItem","@id":"https:\/\/visitsuupohja.fi\/sv\/kategoria\/skyddsrum-eldplatser-och-kator\/#listItem","name":"Skyddsrum, eldplatser och k\u00e5tor"},"previousItem":{"@type":"ListItem","@id":"https:\/\/visitsuupohja.fi\/sv\/#listItem","name":"Home"}},{"@type":"ListItem","@id":"https:\/\/visitsuupohja.fi\/sv\/kategoria\/skyddsrum-eldplatser-och-kator\/#listItem","position":3,"name":"Skyddsrum, eldplatser och k\u00e5tor","item":"https:\/\/visitsuupohja.fi\/sv\/kategoria\/skyddsrum-eldplatser-och-kator\/","nextItem":{"@type":"ListItem","@id":"https:\/\/visitsuupohja.fi\/sv\/kohteet\/vindskyddet-myllylaavu\/#listItem","name":"Vindskyddet Myllylaavu"},"previousItem":{"@type":"ListItem","@id":"https:\/\/visitsuupohja.fi\/sv\/luontokohteet-ja-reitit\/#listItem","name":"Luontokohteet ja reitit"}},{"@type":"ListItem","@id":"https:\/\/visitsuupohja.fi\/sv\/kohteet\/vindskyddet-myllylaavu\/#listItem","position":4,"name":"Vindskyddet Myllylaavu","previousItem":{"@type":"ListItem","@id":"https:\/\/visitsuupohja.fi\/sv\/kategoria\/skyddsrum-eldplatser-och-kator\/#listItem","name":"Skyddsrum, eldplatser och k\u00e5tor"}}]},{"@type":"Organization","@id":"https:\/\/visitsuupohja.fi\/sv\/#organization","name":"Visit Suupohja","description":"Seikkaile Suupohjassa","url":"https:\/\/visitsuupohja.fi\/sv\/","logo":{"@type":"ImageObject","url":"https:\/\/visitsuupohja.fi\/wp-content\/uploads\/visit-suupohja-logo-1.svg","@id":"https:\/\/visitsuupohja.fi\/sv\/kohteet\/vindskyddet-myllylaavu\/#organizationLogo","width":268,"height":68,"caption":"Visit Suupohja logo"},"image":{"@id":"https:\/\/visitsuupohja.fi\/sv\/kohteet\/vindskyddet-myllylaavu\/#organizationLogo"}},{"@type":"WebPage","@id":"https:\/\/visitsuupohja.fi\/sv\/kohteet\/vindskyddet-myllylaavu\/#webpage","url":"https:\/\/visitsuupohja.fi\/sv\/kohteet\/vindskyddet-myllylaavu\/","name":"Vindskyddet Myllylaavu - Visit Suupohja","description":"\u00c4r du inte n\u00f6jd med utsikten n\u00e4r du grillar, eller skulle du vilja sitta i solen, som lyser b\u00e4ttre p\u00e5 baksidan av vindskyddet? Du vill med andra ord \u00e4ndra vindskyddets riktning. I byn K\u00e4rjenkoski i Stor\u00e5 \u00e4r det h\u00e4r m\u00f6jligt tack vare ett roterande vindskydd \u2013 du kan allts\u00e5 \u00e4ndra vindskyddets riktning efter utsikten eller","inLanguage":"sv-SE","isPartOf":{"@id":"https:\/\/visitsuupohja.fi\/sv\/#website"},"breadcrumb":{"@id":"https:\/\/visitsuupohja.fi\/sv\/kohteet\/vindskyddet-myllylaavu\/#breadcrumblist"},"image":{"@type":"ImageObject","url":"https:\/\/visitsuupohja.fi\/wp-content\/uploads\/DSC7331.jpg","@id":"https:\/\/visitsuupohja.fi\/sv\/kohteet\/vindskyddet-myllylaavu\/#mainImage","width":1200,"height":801,"caption":"Myllylaavu k\u00e4rjenkoski"},"primaryImageOfPage":{"@id":"https:\/\/visitsuupohja.fi\/sv\/kohteet\/vindskyddet-myllylaavu\/#mainImage"},"datePublished":"2023-06-29T14:09:44+03:00","dateModified":"2024-06-25T09:32:09+03:00"},{"@type":"WebSite","@id":"https:\/\/visitsuupohja.fi\/sv\/#website","url":"https:\/\/visitsuupohja.fi\/sv\/","name":"Visit Suupohja","description":"Seikkaile Suupohjassa","inLanguage":"sv-SE","publisher":{"@id":"https:\/\/visitsuupohja.fi\/sv\/#organization"}}]},"og:locale":"sv_SE","og:site_name":"Visit Suupohja - Seikkaile Suupohjassa","og:type":"article","og:title":"Vindskyddet Myllylaavu - Visit Suupohja","og:description":"\u00c4r du inte n\u00f6jd med utsikten n\u00e4r du grillar, eller skulle du vilja sitta i solen, som lyser b\u00e4ttre p\u00e5 baksidan av vindskyddet? Du vill med andra ord \u00e4ndra vindskyddets riktning. I byn K\u00e4rjenkoski i Stor\u00e5 \u00e4r det h\u00e4r m\u00f6jligt tack vare ett roterande vindskydd \u2013 du kan allts\u00e5 \u00e4ndra vindskyddets riktning efter utsikten eller","og:url":"https:\/\/visitsuupohja.fi\/sv\/kohteet\/vindskyddet-myllylaavu\/","og:image":"https:\/\/visitsuupohja.fi\/wp-content\/uploads\/visit-suupohja-logo-1.svg","og:image:secure_url":"https:\/\/visitsuupohja.fi\/wp-content\/uploads\/visit-suupohja-logo-1.svg","og:image:width":268,"og:image:height":68,"article:published_time":"2023-06-29T11:09:44+00:00","article:modified_time":"2024-06-25T06:32:09+00:00","twitter:card":"summary_large_image","twitter:title":"Vindskyddet Myllylaavu - Visit Suupohja","twitter:description":"\u00c4r du inte n\u00f6jd med utsikten n\u00e4r du grillar, eller skulle du vilja sitta i solen, som lyser b\u00e4ttre p\u00e5 baksidan av vindskyddet? Du vill med andra ord \u00e4ndra vindskyddets riktning. I byn K\u00e4rjenkoski i Stor\u00e5 \u00e4r det h\u00e4r m\u00f6jligt tack vare ett roterande vindskydd \u2013 du kan allts\u00e5 \u00e4ndra vindskyddets riktning efter utsikten eller","twitter:image":"https:\/\/visitsuupohja.fi\/wp-content\/uploads\/visit-suupohja-logo-1.svg"},"aioseo_meta_data":{"post_id":"10383","title":null,"description":null,"keywords":[],"keyphrases":{"focus":{"keyphrase":"","score":0,"analysis":{"keyphraseInTitle":{"score":0,"maxScore":9,"error":1}}},"additional":[]},"primary_term":null,"canonical_url":null,"og_title":null,"og_description":null,"og_object_type":"default","og_image_type":"default","og_image_url":null,"og_image_width":null,"og_image_height":null,"og_image_custom_url":null,"og_image_custom_fields":null,"og_video":"","og_custom_url":null,"og_article_section":null,"og_article_tags":[],"twitter_use_og":false,"twitter_card":"default","twitter_image_type":"default","twitter_image_url":null,"twitter_image_custom_url":null,"twitter_image_custom_fields":null,"twitter_title":null,"twitter_description":null,"schema":{"blockGraphs":[],"customGraphs":[],"default":{"data":{"Article":[],"Course":[],"Dataset":[],"FAQPage":[],"Movie":[],"Person":[],"Product":[],"ProductReview":[],"Car":[],"Recipe":[],"Service":[],"SoftwareApplication":[],"WebPage":[]},"graphName":"WebPage","isEnabled":true},"graphs":[]},"schema_type":"default","schema_type_options":null,"pillar_content":false,"robots_default":true,"robots_noindex":false,"robots_noarchive":false,"robots_nosnippet":false,"robots_nofollow":false,"robots_noimageindex":false,"robots_noodp":false,"robots_notranslate":false,"robots_max_snippet":"-1","robots_max_videopreview":"-1","robots_max_imagepreview":"large","priority":null,"frequency":"default","local_seo":null,"breadcrumb_settings":null,"limit_modified_date":false,"ai":null,"created":"2023-09-13 04:37:53","updated":"2025-10-07 03:47:23","seo_analyzer_scan_date":null,"focus_keyword":null,"additional_keywords":null,"truseo_locale":null},"aioseo_breadcrumb":"<div class=\"aioseo-breadcrumbs\"><span class=\"aioseo-breadcrumb\">\n\t\t\t<a href=\"https:\/\/visitsuupohja.fi\/sv\/\" title=\"Home\">Home<\/a>\n\t\t<\/span><span class=\"aioseo-breadcrumb-separator\">&raquo;<\/span><span class=\"aioseo-breadcrumb\">\n\t\t\t<a href=\"https:\/\/visitsuupohja.fi\/sv\/luontokohteet-ja-reitit\/\" title=\"Luontokohteet ja reitit\">Luontokohteet ja reitit<\/a>\n\t\t<\/span><span class=\"aioseo-breadcrumb-separator\">&raquo;<\/span><span class=\"aioseo-breadcrumb\">\n\t\t\t<a href=\"https:\/\/visitsuupohja.fi\/sv\/kategoria\/skyddsrum-eldplatser-och-kator\/\" title=\"Skyddsrum, eldplatser och k\u00e5tor\">Skyddsrum, eldplatser och k\u00e5tor<\/a>\n\t\t<\/span><span class=\"aioseo-breadcrumb-separator\">&raquo;<\/span><span class=\"aioseo-breadcrumb\">\n\t\t\tVindskyddet Myllylaavu\n\t\t<\/span><\/div>","aioseo_breadcrumb_json":[{"label":"Home","link":"https:\/\/visitsuupohja.fi\/sv\/"},{"label":"Luontokohteet ja reitit","link":"https:\/\/visitsuupohja.fi\/sv\/luontokohteet-ja-reitit\/"},{"label":"Skyddsrum, eldplatser och k\u00e5tor","link":"https:\/\/visitsuupohja.fi\/sv\/kategoria\/skyddsrum-eldplatser-och-kator\/"},{"label":"Vindskyddet Myllylaavu","link":"https:\/\/visitsuupohja.fi\/sv\/kohteet\/vindskyddet-myllylaavu\/"}],"_links":{"self":[{"href":"https:\/\/visitsuupohja.fi\/sv\/wp-json\/wp\/v2\/kohteet\/10383","targetHints":{"allow":["GET"]}}],"collection":[{"href":"https:\/\/visitsuupohja.fi\/sv\/wp-json\/wp\/v2\/kohteet"}],"about":[{"href":"https:\/\/visitsuupohja.fi\/sv\/wp-json\/wp\/v2\/types\/kohteet"}],"version-history":[{"count":3,"href":"https:\/\/visitsuupohja.fi\/sv\/wp-json\/wp\/v2\/kohteet\/10383\/revisions"}],"predecessor-version":[{"id":14075,"href":"https:\/\/visitsuupohja.fi\/sv\/wp-json\/wp\/v2\/kohteet\/10383\/revisions\/14075"}],"wp:featuredmedia":[{"embeddable":true,"href":"https:\/\/visitsuupohja.fi\/sv\/wp-json\/wp\/v2\/media\/2827"}],"wp:attachment":[{"href":"https:\/\/visitsuupohja.fi\/sv\/wp-json\/wp\/v2\/media?parent=10383"}],"wp:term":[{"taxonomy":"kategoria","embeddable":true,"href":"https:\/\/visitsuupohja.fi\/sv\/wp-json\/wp\/v2\/kategoria?post=10383"},{"taxonomy":"alue","embeddable":true,"href":"https:\/\/visitsuupohja.fi\/sv\/wp-json\/wp\/v2\/alue?post=10383"}],"curies":[{"name":"wp","href":"https:\/\/api.w.org\/{rel}","templated":true}]}}